{"id":240,"date":"2019-10-15T10:59:40","date_gmt":"2019-10-15T08:59:40","guid":{"rendered":"https:\/\/www.hotelexcelsior.fr\/quartier-hotel-excelsior-paris\/"},"modified":"2019-11-14T17:59:05","modified_gmt":"2019-11-14T16:59:05","slug":"quartiere-hotel-excelsior-paris","status":"publish","type":"page","link":"https:\/\/www.hotelexcelsior.fr\/it\/quartiere-hotel-excelsior-paris\/","title":{"rendered":"Quartier"},"content":{"rendered":"\n\t<section class=\"section\" id=\"section_1728713083\">\n\t\t<div class=\"bg section-bg fill bg-fill  bg-loaded\" >\n\n\t\t\t\n\t\t\t\n\t\t\t\n\n\t\t<\/div><!-- .section-bg -->\n\n\t\t<div class=\"section-content relative\">\n\t\t\t\n\n<p><iframe loading=\"lazy\" width=\"100%\" height=\"350\" frameborder=\"0\" scrolling=\"no\" marginheight=\"0\" marginwidth=\"0\" src=\"https:\/\/maps.google.fr\/maps?f=q&amp;source=s_q&amp;hl=fr&amp;geocode=&amp;q=4+Rue+de+Lancry,+75010+Paris&amp;aq=&amp;sll=48.86878,2.360129&amp;sspn=0.011913,0.027874&amp;ie=UTF8&amp;hq=&amp;hnear=4+Rue+de+Lancry,+75010+Paris,+%C3%8Ele-de-France&amp;t=m&amp;ll=48.87228,2.361546&amp;spn=0.019759,0.05579&amp;z=14&amp;iwloc=A&amp;output=embed\"><\/iframe><\/p>\n<div class=\"row\"  id=\"row-1322535637\">\n\n<div class=\"col small-12 large-12\"  ><div class=\"col-inner\"  >\n\n<h1 style=\"text-align: center;\">Il quartiere dell\u2019hotel Excelsior R\u00e9publique<\/h1>\n<p style=\"text-align: center;\">La vicinanza alla linea 3 della metropolitana, che porta direttamente alla stazione Op\u00e9ra o Saint Lazare e ai loro grandi magazzini (tra cui figurano le Galeries Lafayette), rende questo hotel il luogo ideale per un soggiorno tipicamente parigino.<\/p>\n\n<\/div><\/div>\n\n<\/div>\n\n\t\t<\/div><!-- .section-content -->\n\n\t\t\n<style scope=\"scope\">\n\n#section_1728713083 {\n  padding-top: 0px;\n  padding-bottom: 0px;\n  margin-bottom: 0px;\n}\n<\/style>\n\t<\/section>\n\t\n\t<section class=\"section\" id=\"section_1440987808\">\n\t\t<div class=\"bg section-bg fill bg-fill  bg-loaded\" >\n\n\t\t\t\n\t\t\t\n\t\t\t\n\n\t\t<\/div><!-- .section-bg -->\n\n\t\t<div class=\"section-content relative\">\n\t\t\t\n\n<div class=\"row\"  id=\"row-1676746291\">\n\n<div class=\"col medium-5 small-12 large-5 medium-col-first\"  ><div class=\"col-inner\"  >\n\n<div class=\"slider-wrapper relative\" id=\"slider-17508913\" style=\"margin-bottom:20px;\">\n    <div class=\"slider slider-nav-circle slider-nav-large slider-nav-light slider-style-normal\"\n        data-flickity-options='{\n            \"cellAlign\": \"center\",\n            \"imagesLoaded\": true,\n            \"lazyLoad\": 1,\n            \"freeScroll\": false,\n            \"wrapAround\": true,\n            \"autoPlay\": 6000,\n            \"pauseAutoPlayOnHover\" : true,\n            \"prevNextButtons\": true,\n            \"contain\" : true,\n            \"adaptiveHeight\" : true,\n            \"dragThreshold\" : 10,\n            \"percentPosition\": true,\n            \"pageDots\": true,\n            \"rightToLeft\": false,\n            \"draggable\": true,\n            \"selectedAttraction\": 0.1,\n            \"parallax\" : 0,\n            \"friction\": 0.6        }'\n        >\n        \n\n\t<div class=\"img has-hover x md-x lg-x y md-y lg-y\" id=\"image_751919557\">\n\t\t\t\t\t\t\t\t<div class=\"img-inner dark\" >\n\t\t\t<img loading=\"lazy\" decoding=\"async\" width=\"650\" height=\"433\" src=\"https:\/\/www.hotelexcelsior.fr\/wp-content\/uploads\/2019\/10\/1-1.jpg\" class=\"attachment-large size-large\" alt=\"Place de la R\u00e9publique\" srcset=\"https:\/\/www.hotelexcelsior.fr\/wp-content\/uploads\/2019\/10\/1-1.jpg 650w, https:\/\/www.hotelexcelsior.fr\/wp-content\/uploads\/2019\/10\/1-1-300x200.jpg 300w\" sizes=\"(max-width: 650px) 100vw, 650px\" \/>\t\t\t\t\t\t\n\t\t\t\t\t<\/div>\n\t\t\t\t\t\t\t\t\n<style scope=\"scope\">\n\n#image_751919557 {\n  width: 100%;\n}\n<\/style>\n\t<\/div>\n\t\n\n\t<div class=\"img has-hover x md-x lg-x y md-y lg-y\" id=\"image_195162507\">\n\t\t\t\t\t\t\t\t<div class=\"img-inner dark\" >\n\t\t\t<img loading=\"lazy\" decoding=\"async\" width=\"650\" height=\"433\" src=\"https:\/\/www.hotelexcelsior.fr\/wp-content\/uploads\/2019\/10\/2-1.jpg\" class=\"attachment-large size-large\" alt=\"Place de la R\u00e9publique\" srcset=\"https:\/\/www.hotelexcelsior.fr\/wp-content\/uploads\/2019\/10\/2-1.jpg 650w, https:\/\/www.hotelexcelsior.fr\/wp-content\/uploads\/2019\/10\/2-1-300x200.jpg 300w\" sizes=\"(max-width: 650px) 100vw, 650px\" \/>\t\t\t\t\t\t\n\t\t\t\t\t<\/div>\n\t\t\t\t\t\t\t\t\n<style scope=\"scope\">\n\n#image_195162507 {\n  width: 100%;\n}\n<\/style>\n\t<\/div>\n\t\n\n\n     <\/div>\n\n     <div class=\"loading-spin dark large centered\"><\/div>\n\n     <style scope=\"scope\">\n             <\/style>\n<\/div><!-- .ux-slider-wrapper -->\n\n\n<h3>I trasporti pubblici<\/h3>\n<p><strong>&#8211; Metropolitana:<\/strong> R\u00e9publique<br \/><strong>&#8211; RER :<\/strong> Gare du Nord<br \/><strong>&#8211; Autobus :<\/strong> linea 20 \u2013 54 \u2013 56 \u2013 65 &#8211; 75<br \/><strong>&#8211; Stazioni :<\/strong> Nord &#8211; Est &#8211; Lyon<\/p>\n\n<\/div><\/div>\n<div class=\"col medium-7 small-12 large-7\"  ><div class=\"col-inner\"  >\n\n<h3>Place de La R\u00e9publique<\/h3>\n<p>Vero e proprio cuore della citt\u00e0, la place de La R\u00e9publique \u00e8 un quartiere molto vivace e popolare di Parigi. Costituisce una delle pi\u00f9 grandi piazze parigine (280 x 120 m, pari a 3,6 ha) ed \u00e8 una realizzazione urbanistica del XIX secolo.<\/p>\n<p>Al suo centro si trova la statua in bronzo della Repubblica, un monumento inaugurato nel 1883 in onore della Repubblica nella capitale: \u00e8 alta 9,5 m e poggia su un piedistallo da 15,5 m.<br \/>\nLa piazza prese il suo nome definitivo solo nel 1889.<\/p>\n<p>Le tre grandi statue in pietra poste sul piedistallo rappresentano la Libert\u00e0, che tiene in mano delle catene spezzate e brandisce una fiamma, l\u2019Uguaglianza, che impugna una bandiera tricolore e una squadra, e la Fratellanza, circondata da simboli bucolici e bambini che leggono.<br \/>\nUn leone in bronzo verde alto 3 metri, accucciato ai piedi del monumento davanti a un\u2019urna, simboleggia il suffragio universale.<\/p>\n\n<\/div><\/div>\n\n<\/div>\n\n\t\t<\/div><!-- .section-content -->\n\n\t\t\n<style scope=\"scope\">\n\n#section_1440987808 {\n  padding-top: 0px;\n  padding-bottom: 0px;\n}\n<\/style>\n\t<\/section>\n\t\n\t<section class=\"section\" id=\"section_878480062\">\n\t\t<div class=\"bg section-bg fill bg-fill  \" >\n\n\t\t\t\n\t\t\t\n\t\t\t\n\n\t\t<\/div><!-- .section-bg -->\n\n\t\t<div class=\"section-content relative\">\n\t\t\t\n\n\n\t\t<\/div><!-- .section-content -->\n\n\t\t\n<style scope=\"scope\">\n\n#section_878480062 {\n  padding-top: 0px;\n  padding-bottom: 0px;\n  min-height: 200px;\n}\n#section_878480062 .section-bg.bg-loaded {\n  background-image: url(https:\/\/www.hotelexcelsior.fr\/wp-content\/uploads\/2019\/10\/musee-arts-metiers.jpg);\n}\n#section_878480062 .section-bg {\n  background-position: bottom;\n}\n<\/style>\n\t<\/section>\n\t\n\t<section class=\"section\" id=\"section_151342232\">\n\t\t<div class=\"bg section-bg fill bg-fill  bg-loaded\" >\n\n\t\t\t\n\t\t\t\n\t\t\t\n\n\t\t<\/div><!-- .section-bg -->\n\n\t\t<div class=\"section-content relative\">\n\t\t\t\n\n<div class=\"row\"  id=\"row-1975443080\">\n\n<div class=\"col medium-6 small-12 large-6\"  ><div class=\"col-inner\"  >\n\n<h3>Il museo e il conservatorio delle arti e dei mestieri<\/h3>\n<p>60 Rue R\u00e9aumur 75003 Paris, France<br \/>Tel : +33 1 53 01 82 00<\/p>\n<p><strong>Metropolitana :<\/strong><br \/>linea 3 e 11 &#8211; Stazione Arts-et-M\u00e9tiers<br \/>\nlinea 4 &#8211; Stazione R\u00e9aumur-S\u00e9bastopol<\/p>\n<p>Il Conservatorio delle arti e dei mestieri, fondato nel 1794, in origine era un istituto di formazione per tecnici e ingegneri.\nQuesta grande struttura architettonica \u00e8 stata destinata al Conservatorio nel 1798.<\/p>\n\n<\/div><\/div>\n<div class=\"col medium-6 small-12 large-6\"  ><div class=\"col-inner\"  >\n\n<p>Le prime collezioni sono state riunite dietro l\u2019iniziativa del meccanico francese Jacques de Vaucanson.<br \/>Al fine di favorire la diffusione delle conoscenze tecniche, un tempo riservate a un\u2019\u00e9lite e trasmesse attraverso le corporazioni e le gilde, la Rivoluzione cerc\u00f2 di mettere a disposizione di tutti i cittadini delle collezioni scientifiche e tecniche. Dopo il Museo nazionale di storia naturale, realizzato nell\u2019ex-giardino del re, il Conservatorio delle arti e dei mestieri riunisce le collezioni dei gabinetti di fisica degli aristocratici o dell\u2019antica Accademia reale delle scienze.<br \/>Le gallerie del museo aprirono le loro porte nel maggio 1802.<br \/>L\u2019esposizione permanente del Museo delle arti e dei mestieri \u00e8 divisa in sette collezioni a tema.<\/p>\n\n<\/div><\/div>\n\n<\/div>\n\n\t\t<\/div><!-- .section-content -->\n\n\t\t\n<style scope=\"scope\">\n\n#section_151342232 {\n  padding-top: 30px;\n  padding-bottom: 30px;\n  margin-bottom: 0px;\n}\n<\/style>\n\t<\/section>\n\t\n\t<section class=\"section\" id=\"section_896605089\">\n\t\t<div class=\"bg section-bg fill bg-fill  \" >\n\n\t\t\t\n\t\t\t\n\t\t\t\n\n\t\t<\/div><!-- .section-bg -->\n\n\t\t<div class=\"section-content relative\">\n\t\t\t\n\n\n\t\t<\/div><!-- .section-content -->\n\n\t\t\n<style scope=\"scope\">\n\n#section_896605089 {\n  padding-top: 0px;\n  padding-bottom: 0px;\n  min-height: 200px;\n}\n#section_896605089 .section-bg.bg-loaded {\n  background-image: url(https:\/\/www.hotelexcelsior.fr\/wp-content\/uploads\/2019\/10\/cirque-hiver.jpg);\n}\n#section_896605089 .section-bg {\n  background-position: top;\n}\n<\/style>\n\t<\/section>\n\t\n\t<section class=\"section\" id=\"section_472826683\">\n\t\t<div class=\"bg section-bg fill bg-fill  bg-loaded\" >\n\n\t\t\t\n\t\t\t\n\t\t\t\n\n\t\t<\/div><!-- .section-bg -->\n\n\t\t<div class=\"section-content relative\">\n\t\t\t\n\n<div class=\"row\"  id=\"row-117388508\">\n\n<div class=\"col medium-6 small-12 large-6\"  ><div class=\"col-inner\"  >\n\n<h3>Se volete trascorrere una serata diversa dal solito,<\/h3>\n<p>l\u2019hotel Excelsior si trova vicino a numerosi teatri come:<\/p>\n<p>&#8211; Le Caveau de la R\u00e9publique: Le Caveau \u00e8 sinonimo di risate e satira!<br \/>Il teatro umoristico, a caccia di nuovi talenti<br \/>Prenotazioni: 01 42 78 44 45<br \/>Caveau de la R\u00e9publique<br \/>1, bd Saint-Martin<br \/>75003 Parigi<\/p>\n\n<\/div><\/div>\n<div class=\"col medium-6 small-12 large-6\"  ><div class=\"col-inner\"  >\n\n<h3>Le uscite in famiglia:<\/h3>\n<p>&#8211; Il Cirque d\u2019Hiver, a pochi passi dall\u2019hotel.<\/p>\n<p>Nel cuore del pi\u00f9 antico circo del mondo scoprite acrobati, trapezisti, tigri, cani e cavalli, oltre ai clown e all\u2019orchestra del Cirque d\u2019Hiver della famiglia Bouglione<br \/>Prenotazioni: 01 47 00 28 81<\/p>\n\n<\/div><\/div>\n\n<\/div>\n\n\t\t<\/div><!-- .section-content -->\n\n\t\t\n<style scope=\"scope\">\n\n#section_472826683 {\n  padding-top: 30px;\n  padding-bottom: 30px;\n}\n<\/style>\n\t<\/section>\n\t\n\n","protected":false},"excerpt":{"rendered":"","protected":false},"author":1,"featured_media":0,"parent":0,"menu_order":0,"comment_status":"closed","ping_status":"closed","template":"page-blank.php","meta":{"footnotes":""},"yoast_head":"<!-- This site is optimized with the Yoast SEO plugin v22.0 - https:\/\/yoast.com\/wordpress\/plugins\/seo\/ -->\n<title>Il quartiere dell\u2019hotel Excelsior R\u00e9publique - Hotel Place de La R\u00e9publique<\/title>\n<meta name=\"description\" content=\"Il quartiere dell\u2019hotel Excelsior R\u00e9publique Parigi, a due passi da Place de la R\u00e9publique, \u00e8 al centro degli affollati viali.\" \/>\n<meta name=\"robots\" content=\"index, follow, max-snippet:-1, max-image-preview:large, max-video-preview:-1\" \/>\n<link rel=\"canonical\" href=\"https:\/\/www.hotelexcelsior.fr\/it\/quartiere-hotel-excelsior-paris\/\" \/>\n<meta property=\"og:locale\" content=\"it_IT\" \/>\n<meta property=\"og:type\" content=\"article\" \/>\n<meta property=\"og:title\" content=\"Il quartiere dell\u2019hotel Excelsior R\u00e9publique - Hotel Place de La R\u00e9publique\" \/>\n<meta property=\"og:description\" content=\"Il quartiere dell\u2019hotel Excelsior R\u00e9publique Parigi, a due passi da Place de la R\u00e9publique, \u00e8 al centro degli affollati viali.\" \/>\n<meta property=\"og:url\" content=\"https:\/\/www.hotelexcelsior.fr\/it\/quartiere-hotel-excelsior-paris\/\" \/>\n<meta property=\"og:site_name\" content=\"H\u00f4tel Excelsior R\u00e9publique\" \/>\n<meta property=\"article:modified_time\" content=\"2019-11-14T16:59:05+00:00\" \/>\n<meta name=\"twitter:card\" content=\"summary_large_image\" \/>\n<meta name=\"twitter:label1\" content=\"Tempo di lettura stimato\" \/>\n\t<meta name=\"twitter:data1\" content=\"3 minuti\" \/>\n<script type=\"application\/ld+json\" class=\"yoast-schema-graph\">{\"@context\":\"https:\/\/schema.org\",\"@graph\":[{\"@type\":\"WebPage\",\"@id\":\"https:\/\/www.hotelexcelsior.fr\/it\/quartiere-hotel-excelsior-paris\/\",\"url\":\"https:\/\/www.hotelexcelsior.fr\/it\/quartiere-hotel-excelsior-paris\/\",\"name\":\"Il quartiere dell\u2019hotel Excelsior R\u00e9publique - Hotel Place de La R\u00e9publique\",\"isPartOf\":{\"@id\":\"https:\/\/www.hotelexcelsior.fr\/#website\"},\"datePublished\":\"2019-10-15T08:59:40+00:00\",\"dateModified\":\"2019-11-14T16:59:05+00:00\",\"description\":\"Il quartiere dell\u2019hotel Excelsior R\u00e9publique Parigi, a due passi da Place de la R\u00e9publique, \u00e8 al centro degli affollati viali.\",\"breadcrumb\":{\"@id\":\"https:\/\/www.hotelexcelsior.fr\/it\/quartiere-hotel-excelsior-paris\/#breadcrumb\"},\"inLanguage\":\"it-IT\",\"potentialAction\":[{\"@type\":\"ReadAction\",\"target\":[\"https:\/\/www.hotelexcelsior.fr\/it\/quartiere-hotel-excelsior-paris\/\"]}]},{\"@type\":\"BreadcrumbList\",\"@id\":\"https:\/\/www.hotelexcelsior.fr\/it\/quartiere-hotel-excelsior-paris\/#breadcrumb\",\"itemListElement\":[{\"@type\":\"ListItem\",\"position\":1,\"name\":\"Accueil\",\"item\":\"https:\/\/www.hotelexcelsior.fr\/it\/\"},{\"@type\":\"ListItem\",\"position\":2,\"name\":\"Quartier\"}]},{\"@type\":\"WebSite\",\"@id\":\"https:\/\/www.hotelexcelsior.fr\/#website\",\"url\":\"https:\/\/www.hotelexcelsior.fr\/\",\"name\":\"H\u00f4tel Excelsior R\u00e9publique\",\"description\":\"H\u00f4tel proche de la place de la R\u00e9publique\",\"potentialAction\":[{\"@type\":\"SearchAction\",\"target\":{\"@type\":\"EntryPoint\",\"urlTemplate\":\"https:\/\/www.hotelexcelsior.fr\/?s={search_term_string}\"},\"query-input\":\"required name=search_term_string\"}],\"inLanguage\":\"it-IT\"}]}<\/script>\n<!-- \/ Yoast SEO plugin. -->","yoast_head_json":{"title":"Il quartiere dell\u2019hotel Excelsior R\u00e9publique - Hotel Place de La R\u00e9publique","description":"Il quartiere dell\u2019hotel Excelsior R\u00e9publique Parigi, a due passi da Place de la R\u00e9publique, \u00e8 al centro degli affollati viali.","robots":{"index":"index","follow":"follow","max-snippet":"max-snippet:-1","max-image-preview":"max-image-preview:large","max-video-preview":"max-video-preview:-1"},"canonical":"https:\/\/www.hotelexcelsior.fr\/it\/quartiere-hotel-excelsior-paris\/","og_locale":"it_IT","og_type":"article","og_title":"Il quartiere dell\u2019hotel Excelsior R\u00e9publique - Hotel Place de La R\u00e9publique","og_description":"Il quartiere dell\u2019hotel Excelsior R\u00e9publique Parigi, a due passi da Place de la R\u00e9publique, \u00e8 al centro degli affollati viali.","og_url":"https:\/\/www.hotelexcelsior.fr\/it\/quartiere-hotel-excelsior-paris\/","og_site_name":"H\u00f4tel Excelsior R\u00e9publique","article_modified_time":"2019-11-14T16:59:05+00:00","twitter_card":"summary_large_image","twitter_misc":{"Tempo di lettura stimato":"3 minuti"},"schema":{"@context":"https:\/\/schema.org","@graph":[{"@type":"WebPage","@id":"https:\/\/www.hotelexcelsior.fr\/it\/quartiere-hotel-excelsior-paris\/","url":"https:\/\/www.hotelexcelsior.fr\/it\/quartiere-hotel-excelsior-paris\/","name":"Il quartiere dell\u2019hotel Excelsior R\u00e9publique - Hotel Place de La R\u00e9publique","isPartOf":{"@id":"https:\/\/www.hotelexcelsior.fr\/#website"},"datePublished":"2019-10-15T08:59:40+00:00","dateModified":"2019-11-14T16:59:05+00:00","description":"Il quartiere dell\u2019hotel Excelsior R\u00e9publique Parigi, a due passi da Place de la R\u00e9publique, \u00e8 al centro degli affollati viali.","breadcrumb":{"@id":"https:\/\/www.hotelexcelsior.fr\/it\/quartiere-hotel-excelsior-paris\/#breadcrumb"},"inLanguage":"it-IT","potentialAction":[{"@type":"ReadAction","target":["https:\/\/www.hotelexcelsior.fr\/it\/quartiere-hotel-excelsior-paris\/"]}]},{"@type":"BreadcrumbList","@id":"https:\/\/www.hotelexcelsior.fr\/it\/quartiere-hotel-excelsior-paris\/#breadcrumb","itemListElement":[{"@type":"ListItem","position":1,"name":"Accueil","item":"https:\/\/www.hotelexcelsior.fr\/it\/"},{"@type":"ListItem","position":2,"name":"Quartier"}]},{"@type":"WebSite","@id":"https:\/\/www.hotelexcelsior.fr\/#website","url":"https:\/\/www.hotelexcelsior.fr\/","name":"H\u00f4tel Excelsior R\u00e9publique","description":"H\u00f4tel proche de la place de la R\u00e9publique","potentialAction":[{"@type":"SearchAction","target":{"@type":"EntryPoint","urlTemplate":"https:\/\/www.hotelexcelsior.fr\/?s={search_term_string}"},"query-input":"required name=search_term_string"}],"inLanguage":"it-IT"}]}},"_links":{"self":[{"href":"https:\/\/www.hotelexcelsior.fr\/it\/wp-json\/wp\/v2\/pages\/240"}],"collection":[{"href":"https:\/\/www.hotelexcelsior.fr\/it\/wp-json\/wp\/v2\/pages"}],"about":[{"href":"https:\/\/www.hotelexcelsior.fr\/it\/wp-json\/wp\/v2\/types\/page"}],"author":[{"embeddable":true,"href":"https:\/\/www.hotelexcelsior.fr\/it\/wp-json\/wp\/v2\/users\/1"}],"replies":[{"embeddable":true,"href":"https:\/\/www.hotelexcelsior.fr\/it\/wp-json\/wp\/v2\/comments?post=240"}],"version-history":[{"count":3,"href":"https:\/\/www.hotelexcelsior.fr\/it\/wp-json\/wp\/v2\/pages\/240\/revisions"}],"predecessor-version":[{"id":336,"href":"https:\/\/www.hotelexcelsior.fr\/it\/wp-json\/wp\/v2\/pages\/240\/revisions\/336"}],"wp:attachment":[{"href":"https:\/\/www.hotelexcelsior.fr\/it\/wp-json\/wp\/v2\/media?parent=240"}],"curies":[{"name":"wp","href":"https:\/\/api.w.org\/{rel}","templated":true}]}}