{"id":243,"date":"2019-10-15T10:59:40","date_gmt":"2019-10-15T08:59:40","guid":{"rendered":"https:\/\/www.hotelexcelsior.fr\/quartier-hotel-excelsior-paris\/"},"modified":"2019-11-14T16:48:50","modified_gmt":"2019-11-14T15:48:50","slug":"quartier-hotel-excelsior-paris","status":"publish","type":"page","link":"https:\/\/www.hotelexcelsior.fr\/es\/quartier-hotel-excelsior-paris\/","title":{"rendered":"Quartier"},"content":{"rendered":"\n\t<section class=\"section\" id=\"section_881296011\">\n\t\t<div class=\"bg section-bg fill bg-fill  bg-loaded\" >\n\n\t\t\t\n\t\t\t\n\t\t\t\n\n\t\t<\/div><!-- .section-bg -->\n\n\t\t<div class=\"section-content relative\">\n\t\t\t\n\n<p><iframe loading=\"lazy\" width=\"100%\" height=\"350\" frameborder=\"0\" scrolling=\"no\" marginheight=\"0\" marginwidth=\"0\" src=\"https:\/\/maps.google.fr\/maps?f=q&amp;source=s_q&amp;hl=fr&amp;geocode=&amp;q=4+Rue+de+Lancry,+75010+Paris&amp;aq=&amp;sll=48.86878,2.360129&amp;sspn=0.011913,0.027874&amp;ie=UTF8&amp;hq=&amp;hnear=4+Rue+de+Lancry,+75010+Paris,+%C3%8Ele-de-France&amp;t=m&amp;ll=48.87228,2.361546&amp;spn=0.019759,0.05579&amp;z=14&amp;iwloc=A&amp;output=embed\"><\/iframe><\/p>\n<div class=\"row\"  id=\"row-1557724925\">\n\n<div class=\"col small-12 large-12\"  ><div class=\"col-inner\"  >\n\n<h1 style=\"text-align: center;\">El barrio del hotel Excelsior R\u00e9publique<\/h1>\n<p style=\"text-align: center;\">Al estar situado cerca de la L\u00ednea 3 de metro, directa hasta Op\u00e9ra y Saint Lazare y sus grandes almacenes, entre los que se encuentran las Galeries Lafayette, este hotel resulta ideal para tener una estancia t\u00edpicamente parisina.<\/p>\n\n<\/div><\/div>\n\n<\/div>\n\n\t\t<\/div><!-- .section-content -->\n\n\t\t\n<style scope=\"scope\">\n\n#section_881296011 {\n  padding-top: 0px;\n  padding-bottom: 0px;\n  margin-bottom: 0px;\n}\n<\/style>\n\t<\/section>\n\t\n\t<section class=\"section\" id=\"section_884247843\">\n\t\t<div class=\"bg section-bg fill bg-fill  bg-loaded\" >\n\n\t\t\t\n\t\t\t\n\t\t\t\n\n\t\t<\/div><!-- .section-bg -->\n\n\t\t<div class=\"section-content relative\">\n\t\t\t\n\n<div class=\"row\"  id=\"row-369004359\">\n\n<div class=\"col medium-5 small-12 large-5 medium-col-first\"  ><div class=\"col-inner\"  >\n\n<div class=\"slider-wrapper relative\" id=\"slider-1544509831\" style=\"margin-bottom:20px;\">\n    <div class=\"slider slider-nav-circle slider-nav-large slider-nav-light slider-style-normal\"\n        data-flickity-options='{\n            \"cellAlign\": \"center\",\n            \"imagesLoaded\": true,\n            \"lazyLoad\": 1,\n            \"freeScroll\": false,\n            \"wrapAround\": true,\n            \"autoPlay\": 6000,\n            \"pauseAutoPlayOnHover\" : true,\n            \"prevNextButtons\": true,\n            \"contain\" : true,\n            \"adaptiveHeight\" : true,\n            \"dragThreshold\" : 10,\n            \"percentPosition\": true,\n            \"pageDots\": true,\n            \"rightToLeft\": false,\n            \"draggable\": true,\n            \"selectedAttraction\": 0.1,\n            \"parallax\" : 0,\n            \"friction\": 0.6        }'\n        >\n        \n\n\t<div class=\"img has-hover x md-x lg-x y md-y lg-y\" id=\"image_235472573\">\n\t\t\t\t\t\t\t\t<div class=\"img-inner dark\" >\n\t\t\t<img loading=\"lazy\" decoding=\"async\" width=\"650\" height=\"433\" src=\"https:\/\/www.hotelexcelsior.fr\/wp-content\/uploads\/2019\/10\/1-1.jpg\" class=\"attachment-large size-large\" alt=\"Place de la R\u00e9publique\" srcset=\"https:\/\/www.hotelexcelsior.fr\/wp-content\/uploads\/2019\/10\/1-1.jpg 650w, https:\/\/www.hotelexcelsior.fr\/wp-content\/uploads\/2019\/10\/1-1-300x200.jpg 300w\" sizes=\"(max-width: 650px) 100vw, 650px\" \/>\t\t\t\t\t\t\n\t\t\t\t\t<\/div>\n\t\t\t\t\t\t\t\t\n<style scope=\"scope\">\n\n#image_235472573 {\n  width: 100%;\n}\n<\/style>\n\t<\/div>\n\t\n\n\t<div class=\"img has-hover x md-x lg-x y md-y lg-y\" id=\"image_1798942205\">\n\t\t\t\t\t\t\t\t<div class=\"img-inner dark\" >\n\t\t\t<img loading=\"lazy\" decoding=\"async\" width=\"650\" height=\"433\" src=\"https:\/\/www.hotelexcelsior.fr\/wp-content\/uploads\/2019\/10\/2-1.jpg\" class=\"attachment-large size-large\" alt=\"Place de la R\u00e9publique\" srcset=\"https:\/\/www.hotelexcelsior.fr\/wp-content\/uploads\/2019\/10\/2-1.jpg 650w, https:\/\/www.hotelexcelsior.fr\/wp-content\/uploads\/2019\/10\/2-1-300x200.jpg 300w\" sizes=\"(max-width: 650px) 100vw, 650px\" \/>\t\t\t\t\t\t\n\t\t\t\t\t<\/div>\n\t\t\t\t\t\t\t\t\n<style scope=\"scope\">\n\n#image_1798942205 {\n  width: 100%;\n}\n<\/style>\n\t<\/div>\n\t\n\n\n     <\/div>\n\n     <div class=\"loading-spin dark large centered\"><\/div>\n\n     <style scope=\"scope\">\n             <\/style>\n<\/div><!-- .ux-slider-wrapper -->\n\n\n<h3>Transporte p\u00fablico<\/h3>\n<p><strong>\u2013 Metro:\u00a0<\/strong>R\u00e9publique<br \/><strong>\u2013 RER:<\/strong>\u00a0Gare du Nord<br \/><strong>\u2013 Autob\u00fas:<\/strong>\u00a0l\u00edneas 20 \u2013 54 \u2013 56 \u2013 65 \u2013 75<br \/><strong>\u2013 Estaciones de tren:<\/strong>\u00a0Nord \u2013 Est \u2013 Lyon<\/p>\n\n<\/div><\/div>\n<div class=\"col medium-7 small-12 large-7\"  ><div class=\"col-inner\"  >\n\n<h3>Place de La R\u00e9publique<\/h3>\n<p>Place de la R\u00e9publique, el aut\u00e9ntico coraz\u00f3n de la ciudad, es un barrio muy animado y popular de Par\u00eds. Es una de las plazas m\u00e1s grandes de Par\u00eds (280 m x 120 m, 3,6 ha) y una creaci\u00f3n urbana del siglo XIX.<\/p>\n<p>En su centro se encuentra la Statue de la R\u00e9publique: este monumento fabricado en bronce celebra la gloria de la Rep\u00fablica en la capital con sus 9,50 metros de altura y su pedestal de 15,50 metros. Fue inaugurada en 1883.\nEsta Plaza no recibir\u00e1 su nombre definitivo hasta 1889.<\/p>\n<p>Las tres grandes estatuas de piedra situadas en el pedestal representan a la Libertad, que sostiene unas cadenas rotas y una antorcha, la Igualdad, que sostiene una bandera tricolor y una archip\u00e9ndula, y la Fraternidad, rodeada de s\u00edmbolos agr\u00edcolas y ni\u00f1os leyendo.\nEl le\u00f3n de bronce verde, de 3 metros de altura, tumbado a los pies del monumento ante una urna simboliza el sufragio universal.<\/p>\n\n<\/div><\/div>\n\n<\/div>\n\n\t\t<\/div><!-- .section-content -->\n\n\t\t\n<style scope=\"scope\">\n\n#section_884247843 {\n  padding-top: 0px;\n  padding-bottom: 0px;\n}\n<\/style>\n\t<\/section>\n\t\n\t<section class=\"section\" id=\"section_1422181767\">\n\t\t<div class=\"bg section-bg fill bg-fill  \" >\n\n\t\t\t\n\t\t\t\n\t\t\t\n\n\t\t<\/div><!-- .section-bg -->\n\n\t\t<div class=\"section-content relative\">\n\t\t\t\n\n\n\t\t<\/div><!-- .section-content -->\n\n\t\t\n<style scope=\"scope\">\n\n#section_1422181767 {\n  padding-top: 0px;\n  padding-bottom: 0px;\n  min-height: 200px;\n}\n#section_1422181767 .section-bg.bg-loaded {\n  background-image: url(https:\/\/www.hotelexcelsior.fr\/wp-content\/uploads\/2019\/10\/musee-arts-metiers.jpg);\n}\n#section_1422181767 .section-bg {\n  background-position: bottom;\n}\n<\/style>\n\t<\/section>\n\t\n\t<section class=\"section\" id=\"section_1792433326\">\n\t\t<div class=\"bg section-bg fill bg-fill  bg-loaded\" >\n\n\t\t\t\n\t\t\t\n\t\t\t\n\n\t\t<\/div><!-- .section-bg -->\n\n\t\t<div class=\"section-content relative\">\n\t\t\t\n\n<div class=\"row\"  id=\"row-1312103668\">\n\n<div class=\"col medium-6 small-12 large-6\"  ><div class=\"col-inner\"  >\n\n<h3>El Mus\u00e9e y el Conservatoire des Arts et M\u00e9tiers<\/h3>\n<p>60 Rue R\u00e9aumur 75003 Paris, France<br \/>Telf.: +33 1 53 01 82 00<\/p>\n<p><strong>Metro:<\/strong><br \/>L\u00edneas 3 y 11 \u2013 Estaci\u00f3n Arts-et-M\u00e9tiers<br \/>L\u00ednea 4 \u2013 Estaci\u00f3n R\u00e9aumur-S\u00e9bastopol<\/p>\n<p>El Conservatoire des Arts et M\u00e9tiers, fundado en 1794, era en origen un establecimiento en el que se formaban t\u00e9cnicos e ingenieros.\nEste gran conjunto arquitect\u00f3nico fue asignado al Conservatoire en 1798.<\/p>\n\n<\/div><\/div>\n<div class=\"col medium-6 small-12 large-6\"  ><div class=\"col-inner\"  >\n\n<p>Las primeras colecciones se reunieron por iniciativa del ingeniero franc\u00e9s Jacques de Vaucanson.<br>\nPara promover la difusi\u00f3n de los conocimientos t\u00e9cnicos que en otros tiempos estaban reservados a las \u00e9lites y se difund\u00edan por medio de asociaciones y oficios, la Revoluci\u00f3n buscar\u00e1 poner al alcance de todos los ciudadanos colecciones cient\u00edficas y t\u00e9cnicas. Tras el Mus\u00e9um National d\u2019Histoire Naturelle, creado a partir del antiguo Jardin du Roi, ser\u00e1 el Conservatoire des Arts et M\u00e9tiers el que re\u00fana colecciones procedentes de laboratorios de f\u00edsica de arist\u00f3cratas o de los de la antigua Academia Real de Ciencias.<br>\nLas galer\u00edas del museo abrieron sus puertas en mayo de 1802.<br>\nLa exposici\u00f3n permanente del Mus\u00e9e des Arts et M\u00e9tiers se organiza en siete colecciones tem\u00e1ticas.<\/p>\n\n<\/div><\/div>\n\n<\/div>\n\n\t\t<\/div><!-- .section-content -->\n\n\t\t\n<style scope=\"scope\">\n\n#section_1792433326 {\n  padding-top: 30px;\n  padding-bottom: 30px;\n  margin-bottom: 0px;\n}\n<\/style>\n\t<\/section>\n\t\n\t<section class=\"section\" id=\"section_529109058\">\n\t\t<div class=\"bg section-bg fill bg-fill  \" >\n\n\t\t\t\n\t\t\t\n\t\t\t\n\n\t\t<\/div><!-- .section-bg -->\n\n\t\t<div class=\"section-content relative\">\n\t\t\t\n\n\n\t\t<\/div><!-- .section-content -->\n\n\t\t\n<style scope=\"scope\">\n\n#section_529109058 {\n  padding-top: 0px;\n  padding-bottom: 0px;\n  min-height: 200px;\n}\n#section_529109058 .section-bg.bg-loaded {\n  background-image: url(https:\/\/www.hotelexcelsior.fr\/wp-content\/uploads\/2019\/10\/cirque-hiver.jpg);\n}\n#section_529109058 .section-bg {\n  background-position: top;\n}\n<\/style>\n\t<\/section>\n\t\n\t<section class=\"section\" id=\"section_914415816\">\n\t\t<div class=\"bg section-bg fill bg-fill  bg-loaded\" >\n\n\t\t\t\n\t\t\t\n\t\t\t\n\n\t\t<\/div><!-- .section-bg -->\n\n\t\t<div class=\"section-content relative\">\n\t\t\t\n\n<div class=\"row\"  id=\"row-332141675\">\n\n<div class=\"col medium-6 small-12 large-6\"  ><div class=\"col-inner\"  >\n\n<h3>Y por la noche,<\/h3>\n<p>El hotel Excelsior est\u00e1 cerca de numerosos teatros, como:<\/p>\n<p>\u2013 Le Caveau de la R\u00e9publique: \u00a1Le Caveau es risa y s\u00e1tira!<br \/>El teatro del humor, Descubridor de nuevos talentos <br \/>Reservas: 01 42 78 44 45<br \/>Caveau de la R\u00e9publique<br \/>1, bd Saint-Martin<br \/>75003 Paris<\/p>\n\n<\/div><\/div>\n<div class=\"col medium-6 small-12 large-6\"  ><div class=\"col-inner\"  >\n\n<h3>Salidas en familia:<\/h3>\n<p>&#8211; El Cirque d\u2019Hiver, muy cerca del hotel.<\/p>\n<p>En el coraz\u00f3n del circo m\u00e1s antiguo del mundo encontrar\u00e1s acr\u00f3batas, trapecistas, tigres, perros y caballos, as\u00ed como a los payasos y a la orquesta del Cirque d\u2019Hiver de la Familia Bouglione<br>\nReservas: 01 47 00 28 81<\/p>\n\n<\/div><\/div>\n\n<\/div>\n\n\t\t<\/div><!-- .section-content -->\n\n\t\t\n<style scope=\"scope\">\n\n#section_914415816 {\n  padding-top: 30px;\n  padding-bottom: 30px;\n}\n<\/style>\n\t<\/section>\n\t\n\n","protected":false},"excerpt":{"rendered":"","protected":false},"author":1,"featured_media":0,"parent":0,"menu_order":0,"comment_status":"closed","ping_status":"closed","template":"page-blank.php","meta":{"footnotes":""},"yoast_head":"<!-- This site is optimized with the Yoast SEO plugin v22.0 - https:\/\/yoast.com\/wordpress\/plugins\/seo\/ -->\n<title>El barrio del Hotel Excelsior Paris - Hotel Place de La R\u00e9publique<\/title>\n<meta name=\"description\" content=\"El hotel Excelsior R\u00e9publique **, en el centro de Par\u00eds, cerca de la Place de la R\u00e9publique, teatros y museos del Marais.\" \/>\n<meta name=\"robots\" content=\"index, follow, max-snippet:-1, max-image-preview:large, max-video-preview:-1\" \/>\n<link rel=\"canonical\" href=\"https:\/\/www.hotelexcelsior.fr\/es\/quartier-hotel-excelsior-paris\/\" \/>\n<meta property=\"og:locale\" content=\"es_ES\" \/>\n<meta property=\"og:type\" content=\"article\" \/>\n<meta property=\"og:title\" content=\"El barrio del Hotel Excelsior Paris - Hotel Place de La R\u00e9publique\" \/>\n<meta property=\"og:description\" content=\"El hotel Excelsior R\u00e9publique **, en el centro de Par\u00eds, cerca de la Place de la R\u00e9publique, teatros y museos del Marais.\" \/>\n<meta property=\"og:url\" content=\"https:\/\/www.hotelexcelsior.fr\/es\/quartier-hotel-excelsior-paris\/\" \/>\n<meta property=\"og:site_name\" content=\"H\u00f4tel Excelsior R\u00e9publique\" \/>\n<meta property=\"article:modified_time\" content=\"2019-11-14T15:48:50+00:00\" \/>\n<meta name=\"twitter:card\" content=\"summary_large_image\" \/>\n<meta name=\"twitter:label1\" content=\"Tiempo de lectura\" \/>\n\t<meta name=\"twitter:data1\" content=\"3 minutos\" \/>\n<script type=\"application\/ld+json\" class=\"yoast-schema-graph\">{\"@context\":\"https:\/\/schema.org\",\"@graph\":[{\"@type\":\"WebPage\",\"@id\":\"https:\/\/www.hotelexcelsior.fr\/es\/quartier-hotel-excelsior-paris\/\",\"url\":\"https:\/\/www.hotelexcelsior.fr\/es\/quartier-hotel-excelsior-paris\/\",\"name\":\"El barrio del Hotel Excelsior Paris - Hotel Place de La R\u00e9publique\",\"isPartOf\":{\"@id\":\"https:\/\/www.hotelexcelsior.fr\/#website\"},\"datePublished\":\"2019-10-15T08:59:40+00:00\",\"dateModified\":\"2019-11-14T15:48:50+00:00\",\"description\":\"El hotel Excelsior R\u00e9publique **, en el centro de Par\u00eds, cerca de la Place de la R\u00e9publique, teatros y museos del Marais.\",\"breadcrumb\":{\"@id\":\"https:\/\/www.hotelexcelsior.fr\/es\/quartier-hotel-excelsior-paris\/#breadcrumb\"},\"inLanguage\":\"es\",\"potentialAction\":[{\"@type\":\"ReadAction\",\"target\":[\"https:\/\/www.hotelexcelsior.fr\/es\/quartier-hotel-excelsior-paris\/\"]}]},{\"@type\":\"BreadcrumbList\",\"@id\":\"https:\/\/www.hotelexcelsior.fr\/es\/quartier-hotel-excelsior-paris\/#breadcrumb\",\"itemListElement\":[{\"@type\":\"ListItem\",\"position\":1,\"name\":\"Accueil\",\"item\":\"https:\/\/www.hotelexcelsior.fr\/es\/\"},{\"@type\":\"ListItem\",\"position\":2,\"name\":\"Quartier\"}]},{\"@type\":\"WebSite\",\"@id\":\"https:\/\/www.hotelexcelsior.fr\/#website\",\"url\":\"https:\/\/www.hotelexcelsior.fr\/\",\"name\":\"H\u00f4tel Excelsior R\u00e9publique\",\"description\":\"H\u00f4tel proche de la place de la R\u00e9publique\",\"potentialAction\":[{\"@type\":\"SearchAction\",\"target\":{\"@type\":\"EntryPoint\",\"urlTemplate\":\"https:\/\/www.hotelexcelsior.fr\/?s={search_term_string}\"},\"query-input\":\"required name=search_term_string\"}],\"inLanguage\":\"es\"}]}<\/script>\n<!-- \/ Yoast SEO plugin. -->","yoast_head_json":{"title":"El barrio del Hotel Excelsior Paris - Hotel Place de La R\u00e9publique","description":"El hotel Excelsior R\u00e9publique **, en el centro de Par\u00eds, cerca de la Place de la R\u00e9publique, teatros y museos del Marais.","robots":{"index":"index","follow":"follow","max-snippet":"max-snippet:-1","max-image-preview":"max-image-preview:large","max-video-preview":"max-video-preview:-1"},"canonical":"https:\/\/www.hotelexcelsior.fr\/es\/quartier-hotel-excelsior-paris\/","og_locale":"es_ES","og_type":"article","og_title":"El barrio del Hotel Excelsior Paris - Hotel Place de La R\u00e9publique","og_description":"El hotel Excelsior R\u00e9publique **, en el centro de Par\u00eds, cerca de la Place de la R\u00e9publique, teatros y museos del Marais.","og_url":"https:\/\/www.hotelexcelsior.fr\/es\/quartier-hotel-excelsior-paris\/","og_site_name":"H\u00f4tel Excelsior R\u00e9publique","article_modified_time":"2019-11-14T15:48:50+00:00","twitter_card":"summary_large_image","twitter_misc":{"Tiempo de lectura":"3 minutos"},"schema":{"@context":"https:\/\/schema.org","@graph":[{"@type":"WebPage","@id":"https:\/\/www.hotelexcelsior.fr\/es\/quartier-hotel-excelsior-paris\/","url":"https:\/\/www.hotelexcelsior.fr\/es\/quartier-hotel-excelsior-paris\/","name":"El barrio del Hotel Excelsior Paris - Hotel Place de La R\u00e9publique","isPartOf":{"@id":"https:\/\/www.hotelexcelsior.fr\/#website"},"datePublished":"2019-10-15T08:59:40+00:00","dateModified":"2019-11-14T15:48:50+00:00","description":"El hotel Excelsior R\u00e9publique **, en el centro de Par\u00eds, cerca de la Place de la R\u00e9publique, teatros y museos del Marais.","breadcrumb":{"@id":"https:\/\/www.hotelexcelsior.fr\/es\/quartier-hotel-excelsior-paris\/#breadcrumb"},"inLanguage":"es","potentialAction":[{"@type":"ReadAction","target":["https:\/\/www.hotelexcelsior.fr\/es\/quartier-hotel-excelsior-paris\/"]}]},{"@type":"BreadcrumbList","@id":"https:\/\/www.hotelexcelsior.fr\/es\/quartier-hotel-excelsior-paris\/#breadcrumb","itemListElement":[{"@type":"ListItem","position":1,"name":"Accueil","item":"https:\/\/www.hotelexcelsior.fr\/es\/"},{"@type":"ListItem","position":2,"name":"Quartier"}]},{"@type":"WebSite","@id":"https:\/\/www.hotelexcelsior.fr\/#website","url":"https:\/\/www.hotelexcelsior.fr\/","name":"H\u00f4tel Excelsior R\u00e9publique","description":"H\u00f4tel proche de la place de la R\u00e9publique","potentialAction":[{"@type":"SearchAction","target":{"@type":"EntryPoint","urlTemplate":"https:\/\/www.hotelexcelsior.fr\/?s={search_term_string}"},"query-input":"required name=search_term_string"}],"inLanguage":"es"}]}},"_links":{"self":[{"href":"https:\/\/www.hotelexcelsior.fr\/es\/wp-json\/wp\/v2\/pages\/243"}],"collection":[{"href":"https:\/\/www.hotelexcelsior.fr\/es\/wp-json\/wp\/v2\/pages"}],"about":[{"href":"https:\/\/www.hotelexcelsior.fr\/es\/wp-json\/wp\/v2\/types\/page"}],"author":[{"embeddable":true,"href":"https:\/\/www.hotelexcelsior.fr\/es\/wp-json\/wp\/v2\/users\/1"}],"replies":[{"embeddable":true,"href":"https:\/\/www.hotelexcelsior.fr\/es\/wp-json\/wp\/v2\/comments?post=243"}],"version-history":[{"count":4,"href":"https:\/\/www.hotelexcelsior.fr\/es\/wp-json\/wp\/v2\/pages\/243\/revisions"}],"predecessor-version":[{"id":319,"href":"https:\/\/www.hotelexcelsior.fr\/es\/wp-json\/wp\/v2\/pages\/243\/revisions\/319"}],"wp:attachment":[{"href":"https:\/\/www.hotelexcelsior.fr\/es\/wp-json\/wp\/v2\/media?parent=243"}],"curies":[{"name":"wp","href":"https:\/\/api.w.org\/{rel}","templated":true}]}}